{"id":7440,"date":"2018-02-15T08:17:16","date_gmt":"2018-02-15T13:17:16","guid":{"rendered":"https:\/\/www.linesmanner.com\/?page_id=7440"},"modified":"2018-02-15T09:13:52","modified_gmt":"2018-02-15T14:13:52","slug":"wardrobe-essentials","status":"publish","type":"page","link":"https:\/\/www.linesmanner.com\/fr\/wardrobe-essentials\/","title":{"rendered":"Les Essentiels"},"content":{"rendered":"<p><\/p>\n<h1><\/h1>\n<h1 style=\"text-align: center;\">LES ESSENTIELS<\/h1>\n<p>&nbsp;<\/p>\n<p>&nbsp;<\/p>\n<p>Le concept global des Essentiels d&rsquo;une garde-robe (le noyau de pi\u00e8ces qui forment la base de tout votre style) est fondamental.<\/p>\n<p>Les principales caract\u00e9ristiques de ce dernier sont \u00e0 la fois esth\u00e9tiques et fonctionnelles. Ces Essentiels qui diffusent et repr\u00e9sentent le mieux votre style personnel et qui seront le pilier, la fondation m\u00eame de vos tenues.<\/p>\n<p>Deux cat\u00e9gories distinctes des Essentiels du dressing: les \u00a0\u00bb\u00a0basics \u00a0\u00bb et les \u00a0\u00bb\u00a0pi\u00e8ces cl\u00e9s\u00a0\u00ab\u00a0.<\/p>\n<p>&nbsp;<\/p>\n<hr \/>\n<h2><\/h2>\n<h2><em>Pi\u00e8ces cl\u00e9s<\/em><\/h2>\n<p>Ces pi\u00e8ces ma\u00eetresses seront les protagonistes de votre garde-robe.<br \/>\nElles refl\u00e8tent pr\u00e9cis\u00e9ment la personne que vous \u00eates et vous guident ais\u00e9ment vers la cr\u00e9ation de multiples tenues.<br \/>\nContrairement aux basiques et aux pi\u00e8ces \u00e9l\u00e9vatrices, leur fonction n&rsquo;est pas de consolider ni de r\u00e9hausser, mais bien d&rsquo;exprimer et de r\u00e9v\u00e9ler l&rsquo;essence m\u00eame de votre style.<\/p>\n<p>&nbsp;<\/p>\n<hr \/>\n<h2><\/h2>\n<h2><em>Basics<\/em><\/h2>\n<p>La fonction principale des basiques est d&rsquo;administrer une fondation et des variations \u00e0 vos tenues sans pour autant d\u00e9tourner l&rsquo;attention des pi\u00e8ces directrices\/principales.<\/p>\n<p>&nbsp;<\/p>\n<hr \/>\n<p>&nbsp;<\/p>\n<p style=\"text-align: center;\">Les pi\u00e8ces cl\u00e9s seront les \u00e9l\u00e9ments constitutifs de votre garde-robe.<br \/>\nLes basiques en seront la consolidation, la glue permettant de maintenir le tout dans son ensemble.<\/p>\n<p><\/p>","protected":false},"excerpt":{"rendered":"<p>LES ESSENTIELS &nbsp; &nbsp; Le concept global des Essentiels d&rsquo;une garde-robe (le noyau de pi\u00e8ces qui forment la base de tout votre style) est fondamental. Les principales caract\u00e9ristiques de ce dernier sont \u00e0 la fois esth\u00e9tiques et fonctionnelles. Ces Essentiels &hellip; <a href=\"https:\/\/www.linesmanner.com\/fr\/wardrobe-essentials\/\">Continue reading <span class=\"meta-nav\">&rarr;<\/span><\/a><\/p>\n","protected":false},"author":1,"featured_media":0,"parent":0,"menu_order":0,"comment_status":"closed","ping_status":"closed","template":"","meta":{"_mi_skip_tracking":false,"_monsterinsights_sitenote_active":false,"_monsterinsights_sitenote_note":"","_monsterinsights_sitenote_category":0,"footnotes":""},"aioseo_notices":[],"_links":{"self":[{"href":"https:\/\/www.linesmanner.com\/fr\/wp-json\/wp\/v2\/pages\/7440"}],"collection":[{"href":"https:\/\/www.linesmanner.com\/fr\/wp-json\/wp\/v2\/pages"}],"about":[{"href":"https:\/\/www.linesmanner.com\/fr\/wp-json\/wp\/v2\/types\/page"}],"author":[{"embeddable":true,"href":"https:\/\/www.linesmanner.com\/fr\/wp-json\/wp\/v2\/users\/1"}],"replies":[{"embeddable":true,"href":"https:\/\/www.linesmanner.com\/fr\/wp-json\/wp\/v2\/comments?post=7440"}],"version-history":[{"count":12,"href":"https:\/\/www.linesmanner.com\/fr\/wp-json\/wp\/v2\/pages\/7440\/revisions"}],"predecessor-version":[{"id":7476,"href":"https:\/\/www.linesmanner.com\/fr\/wp-json\/wp\/v2\/pages\/7440\/revisions\/7476"}],"wp:attachment":[{"href":"https:\/\/www.linesmanner.com\/fr\/wp-json\/wp\/v2\/media?parent=7440"}],"curies":[{"name":"wp","href":"https:\/\/api.w.org\/{rel}","templated":true}]}}